{"version":"1.0","provider_name":"Not\u00edcias do mercado imobili\u00e1rio","provider_url":"https:\/\/www.imovirtual.com\/noticias","author_name":"Imovirtual","author_url":"https:\/\/www.imovirtual.com\/noticias\/author\/imovirtual\/","title":"Lisboa: S\u00e3o Domingos de Benfica - Not\u00edcias do mercado imobili\u00e1rio","type":"rich","width":600,"height":338,"html":"<blockquote class=\"wp-embedded-content\" data-secret=\"ZWfonqNp2O\"><a href=\"https:\/\/www.imovirtual.com\/noticias\/relatorio-de-precos\/lisboa-sao-domingos-de-benfica-id210\/\">Lisboa: S\u00e3o Domingos de Benfica<\/a><\/blockquote><iframe sandbox=\"allow-scripts\" security=\"restricted\" src=\"https:\/\/www.imovirtual.com\/noticias\/relatorio-de-precos\/lisboa-sao-domingos-de-benfica-id210\/embed\/#?secret=ZWfonqNp2O\" width=\"600\" height=\"338\" title=\"&#8220;Lisboa: S\u00e3o Domingos de Benfica&#8221; &#8212; Not\u00edcias do mercado imobili\u00e1rio\" data-secret=\"ZWfonqNp2O\" frameborder=\"0\" marginwidth=\"0\" marginheight=\"0\" scrolling=\"no\" class=\"wp-embedded-content\"><\/iframe><script type=\"text\/javascript\">\n\/* <![CDATA[ *\/\n\/*! This file is auto-generated *\/\n!function(d,l){\"use strict\";l.querySelector&&d.addEventListener&&\"undefined\"!=typeof URL&&(d.wp=d.wp||{},d.wp.receiveEmbedMessage||(d.wp.receiveEmbedMessage=function(e){var t=e.data;if((t||t.secret||t.message||t.value)&&!\/[^a-zA-Z0-9]\/.test(t.secret)){for(var s,r,n,a=l.querySelectorAll('iframe[data-secret=\"'+t.secret+'\"]'),o=l.querySelectorAll('blockquote[data-secret=\"'+t.secret+'\"]'),c=new RegExp(\"^https?:$\",\"i\"),i=0;i<o.length;i++)o[i].style.display=\"none\";for(i=0;i<a.length;i++)s=a[i],e.source===s.contentWindow&&(s.removeAttribute(\"style\"),\"height\"===t.message?(1e3<(r=parseInt(t.value,10))?r=1e3:~~r<200&&(r=200),s.height=r):\"link\"===t.message&&(r=new URL(s.getAttribute(\"src\")),n=new URL(t.value),c.test(n.protocol))&&n.host===r.host&&l.activeElement===s&&(d.top.location.href=t.value))}},d.addEventListener(\"message\",d.wp.receiveEmbedMessage,!1),l.addEventListener(\"DOMContentLoaded\",function(){for(var e,t,s=l.querySelectorAll(\"iframe.wp-embedded-content\"),r=0;r<s.length;r++)(t=(e=s[r]).getAttribute(\"data-secret\"))||(t=Math.random().toString(36).substring(2,12),e.src+=\"#?secret=\"+t,e.setAttribute(\"data-secret\",t)),e.contentWindow.postMessage({message:\"ready\",secret:t},\"*\")},!1)))}(window,document);\n\/\/# sourceURL=https:\/\/www.imovirtual.com\/noticias\/wp-includes\/js\/wp-embed.min.js\n\/* ]]> *\/\n<\/script>\n","thumbnail_url":"https:\/\/www.imovirtual.com\/noticias\/wp-content\/uploads\/2020\/04\/d2abe5ad-3a2b-4de0-9faf-fb678fb724b6_ZmQ4OTg0ZTAtZjIxZS00OGM2LWI1OTAtYzllZDViZTc0OTYy_images640x480q90.jpg","thumbnail_width":640,"thumbnail_height":426,"description":"O que tem S\u00e3o Domingos para oferecer? Uma freguesia criada em 1959, S\u00e3o Domingos de Benfica \u00e9 freguesia portuguesa do concelho de Lisboa, pertencente \u00e0 zona Norte da capital. Esta freguesia lisboeta \u00e9 constitu\u00edda por v\u00e1rios pontos tur\u00edsticos e monumentos. \u00c9 muito procurada por muitos estudantes, fam\u00edlias e casais, e curiosamente conseguiu preservar muitas das &hellip;"}