{"version":"1.0","provider_name":"Not\u00edcias do mercado imobili\u00e1rio","provider_url":"https:\/\/www.imovirtual.com\/noticias","author_name":"Imovirtual","author_url":"https:\/\/www.imovirtual.com\/noticias\/author\/imovirtual\/","title":"Lisboa: Olivais - Not\u00edcias do mercado imobili\u00e1rio","type":"rich","width":600,"height":338,"html":"<blockquote class=\"wp-embedded-content\" data-secret=\"Gqfsasl1dz\"><a href=\"https:\/\/www.imovirtual.com\/noticias\/relatorio-de-precos\/lisboa-olivais-id180\/\">Lisboa: Olivais<\/a><\/blockquote><iframe sandbox=\"allow-scripts\" security=\"restricted\" src=\"https:\/\/www.imovirtual.com\/noticias\/relatorio-de-precos\/lisboa-olivais-id180\/embed\/#?secret=Gqfsasl1dz\" width=\"600\" height=\"338\" title=\"&#8220;Lisboa: Olivais&#8221; &#8212; Not\u00edcias do mercado imobili\u00e1rio\" data-secret=\"Gqfsasl1dz\" frameborder=\"0\" marginwidth=\"0\" marginheight=\"0\" scrolling=\"no\" class=\"wp-embedded-content\"><\/iframe><script type=\"text\/javascript\">\n\/* <![CDATA[ *\/\n\/*! This file is auto-generated *\/\n!function(d,l){\"use strict\";l.querySelector&&d.addEventListener&&\"undefined\"!=typeof URL&&(d.wp=d.wp||{},d.wp.receiveEmbedMessage||(d.wp.receiveEmbedMessage=function(e){var t=e.data;if((t||t.secret||t.message||t.value)&&!\/[^a-zA-Z0-9]\/.test(t.secret)){for(var s,r,n,a=l.querySelectorAll('iframe[data-secret=\"'+t.secret+'\"]'),o=l.querySelectorAll('blockquote[data-secret=\"'+t.secret+'\"]'),c=new RegExp(\"^https?:$\",\"i\"),i=0;i<o.length;i++)o[i].style.display=\"none\";for(i=0;i<a.length;i++)s=a[i],e.source===s.contentWindow&&(s.removeAttribute(\"style\"),\"height\"===t.message?(1e3<(r=parseInt(t.value,10))?r=1e3:~~r<200&&(r=200),s.height=r):\"link\"===t.message&&(r=new URL(s.getAttribute(\"src\")),n=new URL(t.value),c.test(n.protocol))&&n.host===r.host&&l.activeElement===s&&(d.top.location.href=t.value))}},d.addEventListener(\"message\",d.wp.receiveEmbedMessage,!1),l.addEventListener(\"DOMContentLoaded\",function(){for(var e,t,s=l.querySelectorAll(\"iframe.wp-embedded-content\"),r=0;r<s.length;r++)(t=(e=s[r]).getAttribute(\"data-secret\"))||(t=Math.random().toString(36).substring(2,12),e.src+=\"#?secret=\"+t,e.setAttribute(\"data-secret\",t)),e.contentWindow.postMessage({message:\"ready\",secret:t},\"*\")},!1)))}(window,document);\n\/\/# sourceURL=https:\/\/www.imovirtual.com\/noticias\/wp-includes\/js\/wp-embed.min.js\n\/* ]]> *\/\n<\/script>\n","thumbnail_url":"https:\/\/www.imovirtual.com\/noticias\/wp-content\/uploads\/2020\/04\/9c80fa23-c9b0-4b54-b1af-5c621a320249_YWFmNTlmOWQtNTU0Mi00NDgzLTgzNmYtNDA4MzA1OGU4NDA5_images640x480q90.jpg","thumbnail_width":640,"thumbnail_height":359,"description":"Tudo sobre Olivais, Lisboa Olivais, at\u00e9 2012, oficialmente Santa Maria dos Olivais, \u00e9 uma das freguesias mais populosas de Lisboa e pertence \u00e0 Zona Oriental da capital. Esta freguesia foi fundada em 1397, sendo que se ainda pode ler na inscri\u00e7\u00e3o da fachada principal da Igreja de Santa Maria dos Olivais \u201cEsta par\u00f3quia foi criada &hellip;"}