{"version":"1.0","provider_name":"Not\u00edcias do mercado imobili\u00e1rio","provider_url":"https:\/\/www.imovirtual.com\/noticias","author_name":"Imovirtual","author_url":"https:\/\/www.imovirtual.com\/noticias\/author\/imovirtual\/","title":"Aten\u00e7\u00e3o, \u00e9 j\u00e1 este domingo que a hora muda - Not\u00edcias do mercado imobili\u00e1rio","type":"rich","width":600,"height":338,"html":"<blockquote class=\"wp-embedded-content\" data-secret=\"X1PvN6VwI7\"><a href=\"https:\/\/www.imovirtual.com\/noticias\/novidades\/mudanca-hora-2022\/\">Aten\u00e7\u00e3o, \u00e9 j\u00e1 este domingo que a hora muda<\/a><\/blockquote><iframe sandbox=\"allow-scripts\" security=\"restricted\" src=\"https:\/\/www.imovirtual.com\/noticias\/novidades\/mudanca-hora-2022\/embed\/#?secret=X1PvN6VwI7\" width=\"600\" height=\"338\" title=\"&#8220;Aten\u00e7\u00e3o, \u00e9 j\u00e1 este domingo que a hora muda&#8221; &#8212; Not\u00edcias do mercado imobili\u00e1rio\" data-secret=\"X1PvN6VwI7\" frameborder=\"0\" marginwidth=\"0\" marginheight=\"0\" scrolling=\"no\" class=\"wp-embedded-content\"><\/iframe><script type=\"text\/javascript\">\n\/* <![CDATA[ *\/\n\/*! This file is auto-generated *\/\n!function(d,l){\"use strict\";l.querySelector&&d.addEventListener&&\"undefined\"!=typeof URL&&(d.wp=d.wp||{},d.wp.receiveEmbedMessage||(d.wp.receiveEmbedMessage=function(e){var t=e.data;if((t||t.secret||t.message||t.value)&&!\/[^a-zA-Z0-9]\/.test(t.secret)){for(var s,r,n,a=l.querySelectorAll('iframe[data-secret=\"'+t.secret+'\"]'),o=l.querySelectorAll('blockquote[data-secret=\"'+t.secret+'\"]'),c=new RegExp(\"^https?:$\",\"i\"),i=0;i<o.length;i++)o[i].style.display=\"none\";for(i=0;i<a.length;i++)s=a[i],e.source===s.contentWindow&&(s.removeAttribute(\"style\"),\"height\"===t.message?(1e3<(r=parseInt(t.value,10))?r=1e3:~~r<200&&(r=200),s.height=r):\"link\"===t.message&&(r=new URL(s.getAttribute(\"src\")),n=new URL(t.value),c.test(n.protocol))&&n.host===r.host&&l.activeElement===s&&(d.top.location.href=t.value))}},d.addEventListener(\"message\",d.wp.receiveEmbedMessage,!1),l.addEventListener(\"DOMContentLoaded\",function(){for(var e,t,s=l.querySelectorAll(\"iframe.wp-embedded-content\"),r=0;r<s.length;r++)(t=(e=s[r]).getAttribute(\"data-secret\"))||(t=Math.random().toString(36).substring(2,12),e.src+=\"#?secret=\"+t,e.setAttribute(\"data-secret\",t)),e.contentWindow.postMessage({message:\"ready\",secret:t},\"*\")},!1)))}(window,document);\n\/\/# sourceURL=https:\/\/www.imovirtual.com\/noticias\/wp-includes\/js\/wp-embed.min.js\n\/* ]]> *\/\n<\/script>\n","thumbnail_url":"https:\/\/www.imovirtual.com\/noticias\/wp-content\/uploads\/2022\/03\/a5e946c3-7cbb-4302-bf01-a52d2ee38541_iStock-1303039266.jpg","thumbnail_width":1322,"thumbnail_height":793,"description":"A hora muda este domingo A Primavera chegou, o que significa que \u00e9 tempo de apontar j\u00e1 na sua agenda e de come\u00e7ar j\u00e1 a preparar-se para a mudan\u00e7a da hora, que acontece j\u00e1 neste domingo, 27 de mar\u00e7o. Desta vez, vamos dizer adeus ao hor\u00e1rio de Inverno e abra\u00e7ar os dias mais longos que &hellip;"}