{"version":"1.0","provider_name":"Not\u00edcias do mercado imobili\u00e1rio","provider_url":"https:\/\/www.imovirtual.com\/noticias","author_name":"Imovirtual","author_url":"https:\/\/www.imovirtual.com\/noticias\/author\/imovirtual\/","title":"Porto: onde viver nos sub\u00farbios - Not\u00edcias do mercado imobili\u00e1rio","type":"rich","width":600,"height":338,"html":"<blockquote class=\"wp-embedded-content\" data-secret=\"I81MsMTCc8\"><a href=\"https:\/\/www.imovirtual.com\/noticias\/imobiliario\/porto-onde-viver-suburbios\/\">Porto: onde viver nos sub\u00farbios<\/a><\/blockquote><iframe sandbox=\"allow-scripts\" security=\"restricted\" src=\"https:\/\/www.imovirtual.com\/noticias\/imobiliario\/porto-onde-viver-suburbios\/embed\/#?secret=I81MsMTCc8\" width=\"600\" height=\"338\" title=\"&#8220;Porto: onde viver nos sub\u00farbios&#8221; &#8212; Not\u00edcias do mercado imobili\u00e1rio\" data-secret=\"I81MsMTCc8\" frameborder=\"0\" marginwidth=\"0\" marginheight=\"0\" scrolling=\"no\" class=\"wp-embedded-content\"><\/iframe><script type=\"text\/javascript\">\n\/* <![CDATA[ *\/\n\/*! This file is auto-generated *\/\n!function(d,l){\"use strict\";l.querySelector&&d.addEventListener&&\"undefined\"!=typeof URL&&(d.wp=d.wp||{},d.wp.receiveEmbedMessage||(d.wp.receiveEmbedMessage=function(e){var t=e.data;if((t||t.secret||t.message||t.value)&&!\/[^a-zA-Z0-9]\/.test(t.secret)){for(var s,r,n,a=l.querySelectorAll('iframe[data-secret=\"'+t.secret+'\"]'),o=l.querySelectorAll('blockquote[data-secret=\"'+t.secret+'\"]'),c=new RegExp(\"^https?:$\",\"i\"),i=0;i<o.length;i++)o[i].style.display=\"none\";for(i=0;i<a.length;i++)s=a[i],e.source===s.contentWindow&&(s.removeAttribute(\"style\"),\"height\"===t.message?(1e3<(r=parseInt(t.value,10))?r=1e3:~~r<200&&(r=200),s.height=r):\"link\"===t.message&&(r=new URL(s.getAttribute(\"src\")),n=new URL(t.value),c.test(n.protocol))&&n.host===r.host&&l.activeElement===s&&(d.top.location.href=t.value))}},d.addEventListener(\"message\",d.wp.receiveEmbedMessage,!1),l.addEventListener(\"DOMContentLoaded\",function(){for(var e,t,s=l.querySelectorAll(\"iframe.wp-embedded-content\"),r=0;r<s.length;r++)(t=(e=s[r]).getAttribute(\"data-secret\"))||(t=Math.random().toString(36).substring(2,12),e.src+=\"#?secret=\"+t,e.setAttribute(\"data-secret\",t)),e.contentWindow.postMessage({message:\"ready\",secret:t},\"*\")},!1)))}(window,document);\n\/\/# sourceURL=https:\/\/www.imovirtual.com\/noticias\/wp-includes\/js\/wp-embed.min.js\n\/* ]]> *\/\n<\/script>\n","thumbnail_url":"https:\/\/www.imovirtual.com\/noticias\/wp-content\/uploads\/2022\/05\/cd486a07-1615-4639-8ba7-82aedd592d2e_iStock-937375722.jpg","thumbnail_width":1254,"thumbnail_height":837,"description":"Porto: onde viver nos sub\u00farbios Tal como acontece em Lisboa, comprar ou arrendar casa no centro do Porto n\u00e3o est\u00e1 ao alcance de todas as carteiras. De acordo com os dados do Bar\u00f3metro Mensal de Abril do Imovirtual, a regi\u00e3o da Invicta \u00e9 a segunda mais cara para comprar casa, com um pre\u00e7o m\u00e9dio de &hellip;"}