{"version":"1.0","provider_name":"Not\u00edcias do mercado imobili\u00e1rio","provider_url":"https:\/\/www.imovirtual.com\/noticias","author_name":"Imovirtual","author_url":"https:\/\/www.imovirtual.com\/noticias\/author\/imovirtual\/","title":"Alojamento Local: legisla\u00e7\u00e3o - Not\u00edcias do mercado imobili\u00e1rio","type":"rich","width":600,"height":338,"html":"<blockquote class=\"wp-embedded-content\" data-secret=\"8jEw1gpcvc\"><a href=\"https:\/\/www.imovirtual.com\/noticias\/imobiliario\/alojamento-local-legislacao\/\">Alojamento Local: legisla\u00e7\u00e3o<\/a><\/blockquote><iframe sandbox=\"allow-scripts\" security=\"restricted\" src=\"https:\/\/www.imovirtual.com\/noticias\/imobiliario\/alojamento-local-legislacao\/embed\/#?secret=8jEw1gpcvc\" width=\"600\" height=\"338\" title=\"&#8220;Alojamento Local: legisla\u00e7\u00e3o&#8221; &#8212; Not\u00edcias do mercado imobili\u00e1rio\" data-secret=\"8jEw1gpcvc\" frameborder=\"0\" marginwidth=\"0\" marginheight=\"0\" scrolling=\"no\" class=\"wp-embedded-content\"><\/iframe><script type=\"text\/javascript\">\n\/* <![CDATA[ *\/\n\/*! This file is auto-generated *\/\n!function(d,l){\"use strict\";l.querySelector&&d.addEventListener&&\"undefined\"!=typeof URL&&(d.wp=d.wp||{},d.wp.receiveEmbedMessage||(d.wp.receiveEmbedMessage=function(e){var t=e.data;if((t||t.secret||t.message||t.value)&&!\/[^a-zA-Z0-9]\/.test(t.secret)){for(var s,r,n,a=l.querySelectorAll('iframe[data-secret=\"'+t.secret+'\"]'),o=l.querySelectorAll('blockquote[data-secret=\"'+t.secret+'\"]'),c=new RegExp(\"^https?:$\",\"i\"),i=0;i<o.length;i++)o[i].style.display=\"none\";for(i=0;i<a.length;i++)s=a[i],e.source===s.contentWindow&&(s.removeAttribute(\"style\"),\"height\"===t.message?(1e3<(r=parseInt(t.value,10))?r=1e3:~~r<200&&(r=200),s.height=r):\"link\"===t.message&&(r=new URL(s.getAttribute(\"src\")),n=new URL(t.value),c.test(n.protocol))&&n.host===r.host&&l.activeElement===s&&(d.top.location.href=t.value))}},d.addEventListener(\"message\",d.wp.receiveEmbedMessage,!1),l.addEventListener(\"DOMContentLoaded\",function(){for(var e,t,s=l.querySelectorAll(\"iframe.wp-embedded-content\"),r=0;r<s.length;r++)(t=(e=s[r]).getAttribute(\"data-secret\"))||(t=Math.random().toString(36).substring(2,12),e.src+=\"#?secret=\"+t,e.setAttribute(\"data-secret\",t)),e.contentWindow.postMessage({message:\"ready\",secret:t},\"*\")},!1)))}(window,document);\n\/\/# sourceURL=https:\/\/www.imovirtual.com\/noticias\/wp-includes\/js\/wp-embed.min.js\n\/* ]]> *\/\n<\/script>\n","thumbnail_url":"https:\/\/www.imovirtual.com\/noticias\/wp-content\/uploads\/2022\/08\/704e0511-86d8-4811-8b1d-3fb73c6efc57_img_capa-1.jpg","thumbnail_width":760,"thumbnail_height":500,"description":"Alojamento Local: legisla\u00e7\u00e3o O Alojamento local veio para ficar. Apareceu como forma de rentabilizar casas desabitadas ou casas de f\u00e9rias, de obter um rendimento extra, mas rapidamente se tornou um neg\u00f3cio mais comum. Foi, por isso, preciso legislar a atividade e estabelecer as regras de funcionamento.&nbsp; \u00c9 uma atividade que, apesar de rent\u00e1vel, \u00e9 complexa &hellip;"}